{"id":996,"date":"2018-08-31T14:21:37","date_gmt":"2018-08-31T17:21:37","guid":{"rendered":"https:\/\/ies9023-mza.infd.edu.ar\/sitio\/historia-y-trayectoria\/"},"modified":"2025-06-06T11:56:11","modified_gmt":"2025-06-06T14:56:11","slug":"historia-y-trayectoria","status":"publish","type":"page","link":"https:\/\/ies9023-infd.mendoza.edu.ar\/sitio\/historia-y-trayectoria\/","title":{"rendered":"Historia y Trayectoria"},"content":{"rendered":"<header class=\"entry-header\" aria-label=\"Contenido\">\n<h1><img decoding=\"async\" loading=\"lazy\" class=\"alignnone size-medium wp-image-2682\" src=\"https:\/\/ies9023-infd.mendoza.edu.ar\/sitio\/wp-content\/uploads\/2024\/09\/IES_Abr_2018-57-1000x227.jpg\" alt=\"\" width=\"1000\" height=\"227\" srcset=\"https:\/\/ies9023-infd.mendoza.edu.ar\/sitio\/wp-content\/uploads\/2024\/09\/IES_Abr_2018-57-1000x227.jpg 1000w, https:\/\/ies9023-infd.mendoza.edu.ar\/sitio\/wp-content\/uploads\/2024\/09\/IES_Abr_2018-57-1900x430.jpg 1900w, https:\/\/ies9023-infd.mendoza.edu.ar\/sitio\/wp-content\/uploads\/2024\/09\/IES_Abr_2018-57-768x174.jpg 768w, https:\/\/ies9023-infd.mendoza.edu.ar\/sitio\/wp-content\/uploads\/2024\/09\/IES_Abr_2018-57-1536x348.jpg 1536w, https:\/\/ies9023-infd.mendoza.edu.ar\/sitio\/wp-content\/uploads\/2024\/09\/IES_Abr_2018-57.jpg 1920w\" sizes=\"(max-width: 1000px) 100vw, 1000px\" \/><\/h1>\n<h1 class=\"entry-title\" style=\"text-align: left;\"><a class=\"a2a_button_facebook\" style=\"font-size: 16px;\" title=\"Facebook\" href=\"https:\/\/ies9023-infd.mendoza.edu.ar\/#facebook\" target=\"_blank\" rel=\"nofollow noopener\"><span class=\"a2a_label\">Facebook<\/span><\/a><a class=\"a2a_button_twitter\" style=\"font-size: 16px;\" title=\"Twitter\" href=\"https:\/\/ies9023-infd.mendoza.edu.ar\/#twitter\" target=\"_blank\" rel=\"nofollow noopener\"><span class=\"a2a_label\">Twitter<\/span><\/a><a class=\"a2a_dd addtoany_share_save addtoany_share\" style=\"font-size: 16px;\" href=\"https:\/\/www.addtoany.com\/share#url=https%3A%2F%2Fies9023-infd.mendoza.edu.ar%2Fsitio%2Fhistoria-y-trayectoria%2F&amp;title=Historia%20y%20Trayectoria\"><span class=\"a2a_label a2a_localize\" data-a2a-localize=\"inner,Share\">Compartir<\/span><\/a><\/h1>\n<\/header>\n<div class=\"entry-content\">\n<p style=\"text-align: left;\">La creaci\u00f3n del Instituto de Educaci\u00f3n Superior 9-023 se formaliz\u00f3 a trav\u00e9s de la Resoluci\u00f3n N\u00ba 1302\/07 de la Direcci\u00f3n General de Escuelas de la Provincia de Mendoza siendo la primera carrera en implementarse la<\/p>\n<p style=\"text-align: left;\"><strong>TECNICATURA SUPERIOR EN BIOMECATR\u00d3NICA.<\/strong><\/p>\n<p style=\"text-align: left;\">Una oferta educativa innovadora en la regi\u00f3n de Cuyo, con alto impacto en el sistema de salud ya que capacita el recurso humano para atender instalaciones y equipamiento utilizado en cl\u00ednicas y hospitales.<br \/>El IES 9-023 se constituye as\u00ed, en el primer establecimiento de gesti\u00f3n p\u00fablica de nivel superior, en el departamento de Maip\u00fa, inaugurando sus actividades coincidentemente con su 150\u00b0 aniversario.<br \/>El impacto en la sociedad de Maip\u00fa, que demandaba un centro de estudios superiores de gesti\u00f3n estatal, hizo posible que se incorporaran nuevas tecnicaturas con las siguientes orientaciones:<\/p>\n<p style=\"text-align: left;\"><strong>MECATR\u00d3NICA \u2013 GESTI\u00d3N AMBIENTAL \u2013 INDUSTRIAL \u2013 ADMINISTRACI\u00d3N P\u00daBLICA.<\/strong><\/p>\n<p style=\"text-align: left;\">El a\u00f1o 2011 marca un hito importante para la instituci\u00f3n ya que se transforma en un Instituto de Formaci\u00f3n T\u00e9cnica y Docente ya que incorpora los profesorados de Educaci\u00f3n Secundaria en<\/p>\n<p style=\"text-align: left;\"><strong>MATEM\u00c1TICA Y LENGUA Y LITERATURA.<\/strong><\/p>\n<p style=\"text-align: left;\">Adem\u00e1s se suma la tecnicatura en\u00a0<strong>ENFERMER\u00cdA PROFESIONAL<\/strong>\u00a0y la apertura de la primer aula sat\u00e9lite en Rodeo del Medio, Maip\u00fa. <br \/>En el a\u00f1o 2014, se revis\u00f3 la oferta educativa y de acuerdo con las consultas realizadas en el medio socio productivo del entorno, se vi\u00f3 la necesidad de prever para el futuro el cierre de las tecnicaturas en Gesti\u00f3n Ambiental y Biomecatr\u00f3nica; y emigrar a otra rama de la t\u00e9cnica, por lo que la DGE acept\u00f3 que a partir del a\u00f1o 2015 comenzar el dictado de la tecnicatura superior en <strong>RECURSOS H\u00cdDRICOS.<\/strong> <br \/>Y a partir del a\u00f1o 2016, la Tecnicatura en: <strong>AN\u00c1LISIS Y PROGRAMACI\u00d3N DE SISTEMAS.<\/strong> <br \/>En el mismo a\u00f1o y por iniciativa del Departamento General de Irrigaci\u00f3n-DGI- y con el objeto de capacitar recurso humano de dicha instituci\u00f3n, las autoridades del IES 9-023 proponen a la DGE y esta autoriza la creaci\u00f3n de la segunda aula sat\u00e9lite del instituto en las dependencias del DGI con el objeto de dictar la tecnicatura superior en RECURSOS H\u00cdDRICOS<br \/>Actualmente cuenta con tres m\u00f3dulos, que contienen: 16 aulas, \u00e1rea de gobierno, sala de inform\u00e1tica, biblioteca, dependencias de servicio y administrativas, laboratorio de electricidad-electr\u00f3nica y talleres, excelentemente equipados con recursos aportados por INET con domicilio en Calle Dionisio Herrero 303 de la Ciudad de Maip\u00fa en el predio de las Ex vasijas vinarias de Giol contando con accesos r\u00e1pidos a rutas provinciales y nacionales.<br \/>Las pr\u00e1cticas de las tecnicaturas se realizan en instituciones del medio afines a cada especialidad, permitiendo aplicar los conocimientos \u00e1ulicos y adquirir destrezas que permitan una mejor futura inserci\u00f3n laboral.<br \/>Las pr\u00e1cticas docentes para los profesorados, comienzan con proyectos de intervenci\u00f3n comunitaria para alumnos de primer a\u00f1o de escuelas secundarias con dificultades de aprendizaje en matem\u00e1tica y lengua, continuando con Olimpiadas, Tutor\u00edas en Educaci\u00f3n a distancia, intervenci\u00f3n \u00e1ulica y residencia brindando as\u00ed a los alumnos la oportunidad de adquirir competencias reales para su futuro profesional.<br \/>En la actualidad se encuentran matriculados m\u00e1s de 2400 alumnos, superando ampliamente las expectativas trazadas en el a\u00f1o 2009 cuando comenz\u00f3 a funcionar el Instituto. <\/p>\n<p><strong>El IES 9-023 hoy cuenta con la siguiente oferta educativa:<\/strong><\/p>\n<ul>\n<li style=\"text-align: left;\">Profesorado de Educaci\u00f3n Primaria<\/li>\n<li style=\"text-align: left;\">Profesorado de Educaci\u00f3n Secundaria en Matem\u00e1tica<\/li>\n<li style=\"text-align: left;\">Profesorado de Educaci\u00f3n Secundaria Lengua y Literatura<\/li>\n<li style=\"text-align: left;\">Profesorado para la Educaci\u00f3n Secundaria en concurrencia con el t\u00edtulo de base.<\/li>\n<li style=\"text-align: left;\">Tecnicatura Superior en Administraci\u00f3n P\u00fablica<\/li>\n<li style=\"text-align: left;\">Tecnicatura Superior en Desarrollo de Software<\/li>\n<li style=\"text-align: left;\">Tecnicatura Superior en Enfermer\u00eda<\/li>\n<li style=\"text-align: left;\">Tecnicatura Superior en Enolog\u00eda e Industrias de los alimentos<\/li>\n<li style=\"text-align: left;\">Tecnicatura Superior en Mecatr\u00f3nica<\/li>\n<li style=\"text-align: left;\">Tecnicatura Superior En Servicios B\u00e1sicos y Construcciones Livianas Industrializadas<\/li>\n<\/ul>\n<\/div>\n<div  class=\"lgc-column lgc-grid-parent lgc-grid-50 lgc-tablet-grid-50 lgc-mobile-grid-100 lgc-equal-heights \"><div  class=\"inside-grid-column\"><a href=\"https:\/\/www.mendoza.edu.ar\/\" target=\"_blank\" rel=\"noopener\"><img decoding=\"async\" loading=\"lazy\" class=\"aligncenter wp-image-2694\" src=\"https:\/\/ies9023-infd.mendoza.edu.ar\/sitio\/wp-content\/uploads\/2024\/09\/blancoRecurso-1logo-1.png\" alt=\"\" width=\"312\" height=\"71\" \/><\/a><\/div><\/div>\n<div  class=\"lgc-column lgc-grid-parent lgc-grid-50 lgc-tablet-grid-50 lgc-mobile-grid-100 lgc-equal-heights \"><div  class=\"inside-grid-column\"><a href=\"https:\/\/ies9023-infd.mendoza.edu.ar\/sitio\/\" target=\"_blank\" rel=\"noopener\"><img decoding=\"async\" loading=\"lazy\" class=\"aligncenter wp-image-2722\" src=\"https:\/\/ies9023-infd.mendoza.edu.ar\/sitio\/wp-content\/uploads\/2024\/09\/blancoRecurso-2logo.png\" alt=\"\" width=\"300\" height=\"70\" \/><\/a><\/div><\/div>\n<hr \/>\n<div  class=\"lgc-column lgc-grid-parent lgc-grid-100 lgc-tablet-grid-100 lgc-mobile-grid-100 lgc-equal-heights \"><div  class=\"inside-grid-column\">\n<p style=\"text-align: center;\">Dionisio Herrero 303 &#8211; Maip\u00fa &#8211; Mendoza &#8211; M5515WE. WEB: ies9023-infd.mendoza.edu.ar. EMAIL: infoies9023@gmail.com. WHATSAPP: 5492616121340. INSTAGRAM: @ies9023maip\u00fa. FACEBOOK: IES9023MAIPU<\/p>\n<p><\/p><\/div><\/div>\n","protected":false},"excerpt":{"rendered":"<p>FacebookTwitterCompartir La creaci\u00f3n del Instituto de Educaci\u00f3n Superior 9-023 se formaliz\u00f3 a trav\u00e9s de la Resoluci\u00f3n N\u00ba 1302\/07 de la Direcci\u00f3n General de Escuelas de la Provincia de Mendoza siendo la primera carrera en implementarse la TECNICATURA SUPERIOR EN BIOMECATR\u00d3NICA. Una oferta educativa innovadora en la regi\u00f3n de Cuyo, con alto impacto en el sistema &#8230; <a title=\"Historia y Trayectoria\" class=\"read-more\" href=\"https:\/\/ies9023-infd.mendoza.edu.ar\/sitio\/historia-y-trayectoria\/\" aria-label=\"More on Historia y Trayectoria\">[+]<\/a><\/p>\n","protected":false},"author":551,"featured_media":0,"parent":0,"menu_order":0,"comment_status":"closed","ping_status":"closed","template":"","meta":[],"acf":[],"_links":{"self":[{"href":"https:\/\/ies9023-infd.mendoza.edu.ar\/sitio\/wp-json\/wp\/v2\/pages\/996"}],"collection":[{"href":"https:\/\/ies9023-infd.mendoza.edu.ar\/sitio\/wp-json\/wp\/v2\/pages"}],"about":[{"href":"https:\/\/ies9023-infd.mendoza.edu.ar\/sitio\/wp-json\/wp\/v2\/types\/page"}],"author":[{"embeddable":true,"href":"https:\/\/ies9023-infd.mendoza.edu.ar\/sitio\/wp-json\/wp\/v2\/users\/551"}],"replies":[{"embeddable":true,"href":"https:\/\/ies9023-infd.mendoza.edu.ar\/sitio\/wp-json\/wp\/v2\/comments?post=996"}],"version-history":[{"count":12,"href":"https:\/\/ies9023-infd.mendoza.edu.ar\/sitio\/wp-json\/wp\/v2\/pages\/996\/revisions"}],"predecessor-version":[{"id":2973,"href":"https:\/\/ies9023-infd.mendoza.edu.ar\/sitio\/wp-json\/wp\/v2\/pages\/996\/revisions\/2973"}],"wp:attachment":[{"href":"https:\/\/ies9023-infd.mendoza.edu.ar\/sitio\/wp-json\/wp\/v2\/media?parent=996"}],"curies":[{"name":"wp","href":"https:\/\/api.w.org\/{rel}","templated":true}]}}