{"id":2993,"date":"2025-06-06T13:45:00","date_gmt":"2025-06-06T16:45:00","guid":{"rendered":"https:\/\/ies9023-infd.mendoza.edu.ar\/sitio\/?page_id=2993"},"modified":"2026-04-29T10:22:18","modified_gmt":"2026-04-29T13:22:18","slug":"cursos","status":"publish","type":"page","link":"https:\/\/ies9023-infd.mendoza.edu.ar\/sitio\/cursos\/","title":{"rendered":"CURSOS"},"content":{"rendered":"\n<figure class=\"wp-block-table\"><table><tbody><tr><td>Curso taller semipresencial con evaluaci\u00f3n<br><br>con puntaje para docente s\/RESOL-2025-197-E-GDEMZA-CGES#DGE<br><br>Destinatarios:<br>\u00b7\u00a0\u00a0\u00a0\u00a0\u00a0\u00a0\u00a0\u00a0 Docentes, Directivos, Supervisores de todos los Niveles, Modalidades y \u00e1reas del sistema educativo.<br>\u00b7\u00a0\u00a0\u00a0\u00a0\u00a0\u00a0\u00a0\u00a0 Profesionales y T\u00e9cnicos<br>\u00b7\u00a0\u00a0\u00a0\u00a0\u00a0\u00a0\u00a0\u00a0 P\u00fablico en general<br><br>Total: 62 horas reloj<br><br>Dictado los lunes de 19 a 21 horas por videoconferencia. Inicia el 04\/05 y culmina el 31\/08\/2026.<\/td><td><img decoding=\"async\" loading=\"lazy\" width=\"2245\" height=\"1587\" class=\"wp-image-3704\" style=\"width: 2500px;\" src=\"https:\/\/ies9023-infd.mendoza.edu.ar\/sitio\/wp-content\/uploads\/2026\/04\/Inteligencia-Comunicacional-desde-el-Coaching-Ontologico-Lunes-04-mayo.png\" alt=\"\" srcset=\"https:\/\/ies9023-infd.mendoza.edu.ar\/sitio\/wp-content\/uploads\/2026\/04\/Inteligencia-Comunicacional-desde-el-Coaching-Ontologico-Lunes-04-mayo.png 2245w, https:\/\/ies9023-infd.mendoza.edu.ar\/sitio\/wp-content\/uploads\/2026\/04\/Inteligencia-Comunicacional-desde-el-Coaching-Ontologico-Lunes-04-mayo-1000x707.png 1000w, https:\/\/ies9023-infd.mendoza.edu.ar\/sitio\/wp-content\/uploads\/2026\/04\/Inteligencia-Comunicacional-desde-el-Coaching-Ontologico-Lunes-04-mayo-1900x1343.png 1900w, https:\/\/ies9023-infd.mendoza.edu.ar\/sitio\/wp-content\/uploads\/2026\/04\/Inteligencia-Comunicacional-desde-el-Coaching-Ontologico-Lunes-04-mayo-768x543.png 768w, https:\/\/ies9023-infd.mendoza.edu.ar\/sitio\/wp-content\/uploads\/2026\/04\/Inteligencia-Comunicacional-desde-el-Coaching-Ontologico-Lunes-04-mayo-1536x1086.png 1536w, https:\/\/ies9023-infd.mendoza.edu.ar\/sitio\/wp-content\/uploads\/2026\/04\/Inteligencia-Comunicacional-desde-el-Coaching-Ontologico-Lunes-04-mayo-2048x1448.png 2048w\" sizes=\"(max-width: 2245px) 100vw, 2245px\" \/><br>Inscripci\u00f3n aqu\u00ed: <a href=\"https:\/\/forms.gle\/1GCS6og1bLPDhTWj6\">https:\/\/forms.gle\/1GCS6og1bLPDhTWj6<\/a><br><br>Consultas por WhatsApp: +261 6121340 o mail <a rel=\"noreferrer noopener\" href=\"mailto:cursos@ies9023.net\" target=\"_blank\">cursos@ies9023.net<\/a><\/td><\/tr><\/tbody><\/table><\/figure>\n\n\n\n<figure class=\"wp-block-table\"><table><tbody><tr><td><strong>M\u00f3dulo<\/strong><\/td><td><strong>Intencionalidad Espec\u00edfica<\/strong><\/td><td><strong>Saberes<\/strong><\/td><\/tr><tr><td><strong>M\u00f3dulo 1: APRENDIZAJE Y PODER<\/strong><\/td><td>Dise\u00f1ar nuevos paradigmas de aprendizaje centrados en el lenguaje como generador de bienestar y transformaci\u00f3n.<\/td><td>Coaching Ontol\u00f3gico. Resultados extraordinarios. Cajas de creencias. Aprendizaje y poder. De ciego a experto. Enemigos del aprendizaje.<\/td><\/tr><tr><td><strong>M\u00f3dulo 2: EL OBSERVADOR COHERENTE Y EL PODER<\/strong><\/td><td>Reconocer el tipo de observador que somos y c\u00f3mo esto condiciona nuestras posibilidades de acci\u00f3n y bienestar.<\/td><td>Primer postulado. Observador y poder. Percepci\u00f3n. Coherencia entre lenguaje, emociones y corporalidad. Prox\u00e9mica y centrado corporal.<\/td><\/tr><tr><td><strong>M\u00f3dulo 3: RESPONSABILIDAD CONSCIENTE Y PODER<\/strong><\/td><td>Asumir una postura responsable frente a la vida y comprender c\u00f3mo las interpretaciones impactan en nuestras acciones y resultados.<\/td><td>Responsabilidad. V\u00edctima vs protagonista. Motivaci\u00f3n intr\u00ednseca\/extr\u00ednseca. Modelo PAR. Interpretaciones generativas y adormecedoras.<\/td><\/tr><tr><td><strong>M\u00f3dulo 4: LA ESCUCHA Y EL PODER<\/strong><\/td><td>Reconocer la escucha como una competencia clave, equivalente en relevancia a la acci\u00f3n de hablar, para mejorar la calidad del v\u00ednculo comunicacional.<\/td><td>Tercer postulado. Escucha y poder. Comunicaci\u00f3n humana. O\u00edr vs escuchar. Condicionantes. Competencias para una escucha efectiva. Test de escucha.<\/td><\/tr><tr><td><strong>M\u00f3dulo 5: EL PODER DEL LENGUAJE<\/strong><\/td><td>Comprender el poder transformador del lenguaje y el compromiso social de los actos ling\u00fc\u00edsticos.<\/td><td>Segundo postulado. Declaraciones como actos ling\u00fc\u00edsticos. Afirmaciones. Juicios. Temporalidad. Declaraciones fundamentales: s\u00ed, no, gracias, perd\u00f3n, te amo.<\/td><\/tr><tr><td><strong>M\u00f3dulo 6: LOS COMPROMISOS Y EL PODER<\/strong><\/td><td>Dise\u00f1ar conversaciones efectivas y comprometidas que favorezcan v\u00ednculos de confianza y resoluci\u00f3n de conflictos.<\/td><td>Compromisos conversacionales: promesas, ofertas, pedidos. Formas can\u00f3nicas. Reclamos productivos y quejas improductivas.<\/td><\/tr><tr><td><strong>M\u00f3dulo 7: EMOCIONES Y PODER<\/strong><\/td><td>Explorar la emocionalidad desde una mirada cient\u00edfica y ontol\u00f3gica, integrando cuerpo, lenguaje y emociones como dominios de intervenci\u00f3n.<\/td><td>Emocionalidad tradicional, cient\u00edfica y emergente. Elaboraci\u00f3n inteligente de emociones. Emociones y poder.<\/td><\/tr><tr><td><strong>M\u00f3dulo 8: CONVERSACIONES Y PODER<\/strong><\/td><td>Distinguir c\u00f3mo los diferentes tipos de conversaciones impactan en nuestras relaciones y resultados personales y profesionales.<\/td><td>Tipos de conversaciones. Movimientos conversacionales. Conversaciones p\u00fablicas y privadas. Relaciones personales.<\/td><\/tr><tr><td><strong>M\u00f3dulo 9: ENTRENAMIENTO, RECAPITULACI\u00d3N Y CIERRE<\/strong><\/td><td>Cerrar el proceso formativo reconociendo los aprendizajes, integrando emociones y celebrando el recorrido personal y colectivo.<\/td><td>Reconocimiento. Perd\u00f3n. Agradecimiento. Cierre emocional. Celebraci\u00f3n del recorrido.<\/td><\/tr><\/tbody><\/table><\/figure>\n\n\n\n<p><\/p>\n\n\n\n<figure class=\"wp-block-image size-large is-resized\"><img decoding=\"async\" loading=\"lazy\" src=\"https:\/\/ies9023-infd.mendoza.edu.ar\/sitio\/wp-content\/uploads\/2024\/09\/IES_Abr_HOME-1900x430.jpg\" alt=\"\" class=\"wp-image-2727\" width=\"1013\" height=\"229\" srcset=\"https:\/\/ies9023-infd.mendoza.edu.ar\/sitio\/wp-content\/uploads\/2024\/09\/IES_Abr_HOME-1900x430.jpg 1900w, https:\/\/ies9023-infd.mendoza.edu.ar\/sitio\/wp-content\/uploads\/2024\/09\/IES_Abr_HOME-1000x227.jpg 1000w, https:\/\/ies9023-infd.mendoza.edu.ar\/sitio\/wp-content\/uploads\/2024\/09\/IES_Abr_HOME-768x174.jpg 768w, https:\/\/ies9023-infd.mendoza.edu.ar\/sitio\/wp-content\/uploads\/2024\/09\/IES_Abr_HOME-1536x348.jpg 1536w, https:\/\/ies9023-infd.mendoza.edu.ar\/sitio\/wp-content\/uploads\/2024\/09\/IES_Abr_HOME.jpg 1920w\" sizes=\"(max-width: 1013px) 100vw, 1013px\" \/><\/figure>\n\n\n\n<figure class=\"wp-block-gallery has-nested-images columns-default is-cropped wp-block-gallery-1 is-layout-flex\">\n<figure class=\"wp-block-image size-large\"><img decoding=\"async\" loading=\"lazy\" width=\"795\" height=\"137\" data-id=\"3612\"  src=\"https:\/\/ies9023-infd.mendoza.edu.ar\/sitio\/wp-content\/uploads\/2025\/11\/PIE-DE-WEB.png\" alt=\"PIE DE WEB\" class=\"wp-image-3612\" srcset=\"https:\/\/ies9023-infd.mendoza.edu.ar\/sitio\/wp-content\/uploads\/2025\/11\/PIE-DE-WEB.png 795w, https:\/\/ies9023-infd.mendoza.edu.ar\/sitio\/wp-content\/uploads\/2025\/11\/PIE-DE-WEB-768x132.png 768w\" sizes=\"(max-width: 795px) 100vw, 795px\" \/><\/figure>\n<\/figure>\n","protected":false},"excerpt":{"rendered":"<p>Curso taller semipresencial con evaluaci\u00f3n con puntaje para docente s\/RESOL-2025-197-E-GDEMZA-CGES#DGE Destinatarios:\u00b7\u00a0\u00a0\u00a0\u00a0\u00a0\u00a0\u00a0\u00a0 Docentes, Directivos, Supervisores de todos los Niveles, Modalidades y \u00e1reas del sistema educativo.\u00b7\u00a0\u00a0\u00a0\u00a0\u00a0\u00a0\u00a0\u00a0 Profesionales y T\u00e9cnicos\u00b7\u00a0\u00a0\u00a0\u00a0\u00a0\u00a0\u00a0\u00a0 P\u00fablico en general Total: 62 horas reloj Dictado los lunes de 19 a 21 horas por videoconferencia. Inicia el 04\/05 y culmina el 31\/08\/2026. Inscripci\u00f3n aqu\u00ed: https:\/\/forms.gle\/1GCS6og1bLPDhTWj6 Consultas &#8230; <a title=\"CURSOS\" class=\"read-more\" href=\"https:\/\/ies9023-infd.mendoza.edu.ar\/sitio\/cursos\/\" aria-label=\"More on CURSOS\">[+]<\/a><\/p>\n","protected":false},"author":546,"featured_media":0,"parent":0,"menu_order":0,"comment_status":"closed","ping_status":"closed","template":"","meta":[],"acf":[],"_links":{"self":[{"href":"https:\/\/ies9023-infd.mendoza.edu.ar\/sitio\/wp-json\/wp\/v2\/pages\/2993"}],"collection":[{"href":"https:\/\/ies9023-infd.mendoza.edu.ar\/sitio\/wp-json\/wp\/v2\/pages"}],"about":[{"href":"https:\/\/ies9023-infd.mendoza.edu.ar\/sitio\/wp-json\/wp\/v2\/types\/page"}],"author":[{"embeddable":true,"href":"https:\/\/ies9023-infd.mendoza.edu.ar\/sitio\/wp-json\/wp\/v2\/users\/546"}],"replies":[{"embeddable":true,"href":"https:\/\/ies9023-infd.mendoza.edu.ar\/sitio\/wp-json\/wp\/v2\/comments?post=2993"}],"version-history":[{"count":13,"href":"https:\/\/ies9023-infd.mendoza.edu.ar\/sitio\/wp-json\/wp\/v2\/pages\/2993\/revisions"}],"predecessor-version":[{"id":3718,"href":"https:\/\/ies9023-infd.mendoza.edu.ar\/sitio\/wp-json\/wp\/v2\/pages\/2993\/revisions\/3718"}],"wp:attachment":[{"href":"https:\/\/ies9023-infd.mendoza.edu.ar\/sitio\/wp-json\/wp\/v2\/media?parent=2993"}],"curies":[{"name":"wp","href":"https:\/\/api.w.org\/{rel}","templated":true}]}}